{"id":57,"date":"2017-04-04T08:23:48","date_gmt":"2017-04-04T08:23:48","guid":{"rendered":"http:\/\/familienlebenfriesenhofen.de\/?page_id=57"},"modified":"2017-04-04T18:38:41","modified_gmt":"2017-04-04T18:38:41","slug":"ueber-uns","status":"publish","type":"page","link":"https:\/\/familienlebenfriesenhofen.de\/?page_id=57","title":{"rendered":"\u00dcber uns"},"content":{"rendered":"<p>Im Herbst 2015 fand in Friesenhofen der erste Baby- und Kinderbasar statt. Einige M\u00fctter wollten so Geld f\u00fcr eine General\u00fcberholung des sch\u00f6n gelegenen, aber etwas in die Jahre gekommenen Spielplatzes am Rathaus Friesenhofen sammeln. Nachdem die Idee des Basars geboren war und publik gemacht wurde, engagierten sich viele M\u00fctter um etwas f\u00fcr das Dorf und die Kinder in und um Friesenhofen zu schaffen.<br \/>\nNach dem dritten Basar wurde der Gemeinde Friesenhofen ein Teil der Einnahmen in H\u00f6he von 500\u20ac \u00fcbergeben.<\/p>\n<p>W\u00e4hrend des gemeinsamen Arbeitens entstand und reifte der Gedanke eines Vereins um Projekte f\u00fcr Kinder und Erwachsene in und um Friesenhofen zu f\u00f6rdern. Mit dem Basar war schon ein erstes finanzielles Standbein geschaffen, um gemeinn\u00fctzig Angebote zu unterst\u00fctzen. FamilienLebenFriesenhofen, so sollte er hei\u00dfen. Der Name des Vereins dr\u00fcckt aus, wof\u00fcr dieser steht: Gemeinn\u00fctzige Projekte umzusetzen, die dem Dorf(leben), seiner Umgebung und seinen Bewohnern, vor allem &#8211; aber nicht nur &#8211; den Kindern und Familien zu Gute kommen.<\/p>\n<p>Am 20. M\u00e4rz 2017 fand im Gemeindehaus die Gr\u00fcndungsversammlung des Vereins FamilienLebenFriesenhofen statt. Im Rahmen der Versammlung wurden von den 15 anwesenden Gr\u00fcndungsmitgliedern f\u00fcnf M\u00fctter aus dem \u201eBasarteam\u201c in die Vorstandschaft gew\u00e4hlt. Die Vorstandschaft besteht aus Natascha Hiemer (Kassenwart), Christine Bogner (Schriftf\u00fchrerin) sowie den beiden Stellvertretern und dem ersten Vorstand Daniela Frenzel, Irene Hagg und Lisa Lehrer.<\/p>\n<figure id=\"attachment_69\" aria-describedby=\"caption-attachment-69\" style=\"width: 640px\" class=\"wp-caption aligncenter\"><img loading=\"lazy\" decoding=\"async\" class=\"wp-image-69 size-large\" src=\"https:\/\/familienlebenfriesenhofen.de\/wp-content\/uploads\/2017\/04\/Vorstand-nach-der-Wahl-1024x768.jpg\" width=\"640\" height=\"480\" srcset=\"https:\/\/familienlebenfriesenhofen.de\/wp-content\/uploads\/2017\/04\/Vorstand-nach-der-Wahl-1024x768.jpg 1024w, https:\/\/familienlebenfriesenhofen.de\/wp-content\/uploads\/2017\/04\/Vorstand-nach-der-Wahl-300x225.jpg 300w, https:\/\/familienlebenfriesenhofen.de\/wp-content\/uploads\/2017\/04\/Vorstand-nach-der-Wahl-768x576.jpg 768w\" sizes=\"auto, (max-width: 640px) 100vw, 640px\" \/><figcaption id=\"caption-attachment-69\" class=\"wp-caption-text\">Die Vorstandschaft (v.l.) Irene Hagg, Christine Bogner, Natascha Hiemer, Lisa Lehrer und Daniela Frenzel<\/figcaption><\/figure>\n","protected":false},"excerpt":{"rendered":"<p>Im Herbst 2015 fand in Friesenhofen der erste Baby- und Kinderbasar statt. Einige M\u00fctter wollten so Geld f\u00fcr eine General\u00fcberholung des sch\u00f6n gelegenen, aber etwas in die Jahre gekommenen Spielplatzes am Rathaus Friesenhofen sammeln. Nachdem die Idee des Basars geboren war und publik gemacht wurde, engagierten sich viele M\u00fctter um etwas f\u00fcr das Dorf und &hellip; <a href=\"https:\/\/familienlebenfriesenhofen.de\/?page_id=57\" class=\"more-link\"><span class=\"screen-reader-text\">\u00dcber uns<\/span> weiterlesen<\/a><\/p>\n","protected":false},"author":1,"featured_media":0,"parent":0,"menu_order":0,"comment_status":"closed","ping_status":"closed","template":"","meta":{"footnotes":""},"class_list":["post-57","page","type-page","status-publish","hentry"],"_links":{"self":[{"href":"https:\/\/familienlebenfriesenhofen.de\/index.php?rest_route=\/wp\/v2\/pages\/57","targetHints":{"allow":["GET"]}}],"collection":[{"href":"https:\/\/familienlebenfriesenhofen.de\/index.php?rest_route=\/wp\/v2\/pages"}],"about":[{"href":"https:\/\/familienlebenfriesenhofen.de\/index.php?rest_route=\/wp\/v2\/types\/page"}],"author":[{"embeddable":true,"href":"https:\/\/familienlebenfriesenhofen.de\/index.php?rest_route=\/wp\/v2\/users\/1"}],"replies":[{"embeddable":true,"href":"https:\/\/familienlebenfriesenhofen.de\/index.php?rest_route=%2Fwp%2Fv2%2Fcomments&post=57"}],"version-history":[{"count":3,"href":"https:\/\/familienlebenfriesenhofen.de\/index.php?rest_route=\/wp\/v2\/pages\/57\/revisions"}],"predecessor-version":[{"id":77,"href":"https:\/\/familienlebenfriesenhofen.de\/index.php?rest_route=\/wp\/v2\/pages\/57\/revisions\/77"}],"wp:attachment":[{"href":"https:\/\/familienlebenfriesenhofen.de\/index.php?rest_route=%2Fwp%2Fv2%2Fmedia&parent=57"}],"curies":[{"name":"wp","href":"https:\/\/api.w.org\/{rel}","templated":true}]}}